{"id":13207,"date":"2022-01-24T09:59:04","date_gmt":"2022-01-24T07:59:04","guid":{"rendered":"https:\/\/kauppa.kalevamedia.fi\/?post_type=product&#038;p=13207"},"modified":"2026-02-09T15:01:58","modified_gmt":"2026-02-09T13:01:58","slug":"story-natiivi-kaleva-media-verkostoon","status":"publish","type":"product","link":"https:\/\/kauppa.kalevamedia.fi\/index.php\/tuote\/story-natiivi-kaleva-media-verkostoon\/","title":{"rendered":"Story-natiivi Kaleva Media verkostoon"},"content":{"rendered":"","protected":false},"excerpt":{"rendered":"<p>Tarinoilla haltuun koko Pohjois-Suomi. Sis\u00e4lt\u00f6 toteutetaan somesta tutulla story-muodolla: useat videoklipit sidotaan yhdeksi visuaaliseksi ja helposti sis\u00e4istett\u00e4v\u00e4ksi tarinaksi. Artikkeli n\u00e4kyy 5 vrk Kaleva.fi:ss\u00e4, Lapinkansa.fi:ss\u00e4 sek\u00e4 kuudessa paikallislehdess\u00e4. Kurkkaa esimerkki Storysta <strong><a href=\"https:\/\/www.kaleva.fi\/tarinat\/oulun-kaupunki-kayttaa-tana-vuonna-240-000-euroa-o\/7399124\" target=\"_blank\" rel=\"noopener\">t\u00e4\u00e4lt\u00e4!<\/a><\/strong><\/p>\n<p>Hinta ei sis\u00e4ll\u00e4 sis\u00e4ll\u00f6ntuotantoa. Voit k\u00e4ytt\u00e4\u00e4 yrityksenne omaa, valmista sis\u00e4lt\u00f6\u00e4, tai <span style=\"text-decoration: underline;\"><strong><a href=\"https:\/\/kauppa.kalevamedia.fi\/index.php\/tuote\/sisallontuotanto-story-natiiveihin\/\" target=\"_blank\" rel=\"noopener\">hankkia sis\u00e4ll\u00f6ntuotannon meilt\u00e4<\/a><\/strong><\/span><span style=\"text-decoration: underline;\"><strong>.<\/strong><\/span> N\u00e4kyvyys tulee k\u00e4ytt\u00e4\u00e4 <strong>16.2.2026\u201331.3.2026<\/strong>\u00a0v\u00e4lisen\u00e4 aikana.<\/p>\n<hr \/>\n<p>Kampanjaetu koskee vain uusia varauksia. Sitovat varaukset tehd\u00e4\u00e4n kerralla ja niit\u00e4 ei voi siirt\u00e4\u00e4 kampanja-ajalta toiselle. Hintaan lis\u00e4t\u00e4\u00e4n alv. Voit tutustua tarkempiin tilaus- ja myyntiehtoihin halutessasi <span style=\"text-decoration: underline;\"><a href=\"https:\/\/kauppa.kalevamedia.fi\/index.php\/myyntiehdot\/\" target=\"_blank\" rel=\"noopener\"><strong>t\u00e4\u00e4lt\u00e4.<\/strong><\/a><\/span><\/p>\n","protected":false},"featured_media":11531,"template":"","meta":[],"product_brand":[],"product_cat":[68,71,83],"product_tag":[],"class_list":{"0":"post-13207","1":"product","2":"type-product","3":"status-publish","4":"has-post-thumbnail","6":"product_cat-kaleva","7":"product_cat-kaleva-sisaltomarkkinointi","8":"product_cat-lapin-kansa-sisaltomarkkinointi","10":"first","11":"instock","12":"sale","13":"shipping-taxable","14":"purchasable","15":"product-type-simple"},"exclude_global_add_ons":[],"addons":[],"yoast_head":"<!-- This site is optimized with the Yoast SEO plugin v27.5 - https:\/\/yoast.com\/product\/yoast-seo-wordpress\/ -->\n<title>Story-natiivi Kaleva Media verkostoon - Kaleva Media Verkkokauppa<\/title>\n<meta name=\"robots\" content=\"index, follow, max-snippet:-1, max-image-preview:large, max-video-preview:-1\" \/>\n<link rel=\"canonical\" href=\"https:\/\/kauppa.kalevamedia.fi\/index.php\/tuote\/story-natiivi-kaleva-media-verkostoon\/\" \/>\n<meta property=\"og:locale\" content=\"fi_FI\" \/>\n<meta property=\"og:type\" content=\"article\" \/>\n<meta property=\"og:title\" content=\"Story-natiivi Kaleva Media verkostoon - Kaleva Media Verkkokauppa\" \/>\n<meta property=\"og:description\" content=\"Tarinoilla haltuun koko Pohjois-Suomi. Sis\u00e4lt\u00f6 toteutetaan somesta tutulla story-muodolla: useat videoklipit sidotaan yhdeksi visuaaliseksi ja helposti sis\u00e4istett\u00e4v\u00e4ksi tarinaksi. Artikkeli n\u00e4kyy 5 vrk Kaleva.fi:ss\u00e4, Lapinkansa.fi:ss\u00e4 sek\u00e4 kuudessa paikallislehdess\u00e4. Kurkkaa esimerkki Storysta t\u00e4\u00e4lt\u00e4!  Hinta ei sis\u00e4ll\u00e4 sis\u00e4ll\u00f6ntuotantoa. Voit k\u00e4ytt\u00e4\u00e4 yrityksenne omaa, valmista sis\u00e4lt\u00f6\u00e4, tai hankkia sis\u00e4ll\u00f6ntuotannon meilt\u00e4. N\u00e4kyvyys tulee k\u00e4ytt\u00e4\u00e4 16.2.2026\u201331.3.2026\u00a0v\u00e4lisen\u00e4 aikana.    Kampanjaetu koskee vain uusia varauksia. Sitovat varaukset tehd\u00e4\u00e4n kerralla ja niit\u00e4 ei voi siirt\u00e4\u00e4 kampanja-ajalta toiselle. Hintaan lis\u00e4t\u00e4\u00e4n alv. Voit tutustua tarkempiin tilaus- ja myyntiehtoihin halutessasi t\u00e4\u00e4lt\u00e4.\" \/>\n<meta property=\"og:url\" content=\"https:\/\/kauppa.kalevamedia.fi\/index.php\/tuote\/story-natiivi-kaleva-media-verkostoon\/\" \/>\n<meta property=\"og:site_name\" content=\"Kaleva Media Verkkokauppa\" \/>\n<meta property=\"article:modified_time\" content=\"2026-02-09T13:01:58+00:00\" \/>\n<meta property=\"og:image\" content=\"https:\/\/kauppa.kalevamedia.fi\/wp-content\/uploads\/2023\/02\/Storynatiivi-50.png\" \/>\n\t<meta property=\"og:image:width\" content=\"600\" \/>\n\t<meta property=\"og:image:height\" content=\"600\" \/>\n\t<meta property=\"og:image:type\" content=\"image\/png\" \/>\n<meta name=\"twitter:card\" content=\"summary_large_image\" \/>\n<meta name=\"twitter:label1\" content=\"Arvioitu lukuaika\" \/>\n\t<meta name=\"twitter:data1\" content=\"1 minuutti\" \/>\n<script type=\"application\/ld+json\" class=\"yoast-schema-graph\">{\"@context\":\"https:\\\/\\\/schema.org\",\"@graph\":[{\"@type\":\"WebPage\",\"@id\":\"https:\\\/\\\/kauppa.kalevamedia.fi\\\/index.php\\\/tuote\\\/story-natiivi-kaleva-media-verkostoon\\\/\",\"url\":\"https:\\\/\\\/kauppa.kalevamedia.fi\\\/index.php\\\/tuote\\\/story-natiivi-kaleva-media-verkostoon\\\/\",\"name\":\"Story-natiivi Kaleva Media verkostoon - Kaleva Media Verkkokauppa\",\"isPartOf\":{\"@id\":\"https:\\\/\\\/kauppa.kalevamedia.fi\\\/#website\"},\"primaryImageOfPage\":{\"@id\":\"https:\\\/\\\/kauppa.kalevamedia.fi\\\/index.php\\\/tuote\\\/story-natiivi-kaleva-media-verkostoon\\\/#primaryimage\"},\"image\":{\"@id\":\"https:\\\/\\\/kauppa.kalevamedia.fi\\\/index.php\\\/tuote\\\/story-natiivi-kaleva-media-verkostoon\\\/#primaryimage\"},\"thumbnailUrl\":\"https:\\\/\\\/kauppa.kalevamedia.fi\\\/wp-content\\\/uploads\\\/2023\\\/02\\\/Storynatiivi-50.png\",\"datePublished\":\"2022-01-24T07:59:04+00:00\",\"dateModified\":\"2026-02-09T13:01:58+00:00\",\"breadcrumb\":{\"@id\":\"https:\\\/\\\/kauppa.kalevamedia.fi\\\/index.php\\\/tuote\\\/story-natiivi-kaleva-media-verkostoon\\\/#breadcrumb\"},\"inLanguage\":\"fi\",\"potentialAction\":[{\"@type\":\"ReadAction\",\"target\":[\"https:\\\/\\\/kauppa.kalevamedia.fi\\\/index.php\\\/tuote\\\/story-natiivi-kaleva-media-verkostoon\\\/\"]}]},{\"@type\":\"ImageObject\",\"inLanguage\":\"fi\",\"@id\":\"https:\\\/\\\/kauppa.kalevamedia.fi\\\/index.php\\\/tuote\\\/story-natiivi-kaleva-media-verkostoon\\\/#primaryimage\",\"url\":\"https:\\\/\\\/kauppa.kalevamedia.fi\\\/wp-content\\\/uploads\\\/2023\\\/02\\\/Storynatiivi-50.png\",\"contentUrl\":\"https:\\\/\\\/kauppa.kalevamedia.fi\\\/wp-content\\\/uploads\\\/2023\\\/02\\\/Storynatiivi-50.png\",\"width\":600,\"height\":600},{\"@type\":\"BreadcrumbList\",\"@id\":\"https:\\\/\\\/kauppa.kalevamedia.fi\\\/index.php\\\/tuote\\\/story-natiivi-kaleva-media-verkostoon\\\/#breadcrumb\",\"itemListElement\":[{\"@type\":\"ListItem\",\"position\":1,\"name\":\"Home\",\"item\":\"https:\\\/\\\/kauppa.kalevamedia.fi\\\/\"},{\"@type\":\"ListItem\",\"position\":2,\"name\":\"Story-natiivi Kaleva Media verkostoon\"}]},{\"@type\":\"WebSite\",\"@id\":\"https:\\\/\\\/kauppa.kalevamedia.fi\\\/#website\",\"url\":\"https:\\\/\\\/kauppa.kalevamedia.fi\\\/\",\"name\":\"Kaleva Media Verkkokauppa\",\"description\":\"Kaleva Media B2B Asiakasratkaisut\",\"publisher\":{\"@id\":\"https:\\\/\\\/kauppa.kalevamedia.fi\\\/#organization\"},\"potentialAction\":[{\"@type\":\"SearchAction\",\"target\":{\"@type\":\"EntryPoint\",\"urlTemplate\":\"https:\\\/\\\/kauppa.kalevamedia.fi\\\/?s={search_term_string}\"},\"query-input\":{\"@type\":\"PropertyValueSpecification\",\"valueRequired\":true,\"valueName\":\"search_term_string\"}}],\"inLanguage\":\"fi\"},{\"@type\":\"Organization\",\"@id\":\"https:\\\/\\\/kauppa.kalevamedia.fi\\\/#organization\",\"name\":\"Kaleva Media Verkkokauppa\",\"url\":\"https:\\\/\\\/kauppa.kalevamedia.fi\\\/\",\"logo\":{\"@type\":\"ImageObject\",\"inLanguage\":\"fi\",\"@id\":\"https:\\\/\\\/kauppa.kalevamedia.fi\\\/#\\\/schema\\\/logo\\\/image\\\/\",\"url\":\"https:\\\/\\\/kauppa.kalevamedia.fi\\\/wp-content\\\/uploads\\\/2023\\\/11\\\/Kalevamedia_logo_pystyposa.png\",\"contentUrl\":\"https:\\\/\\\/kauppa.kalevamedia.fi\\\/wp-content\\\/uploads\\\/2023\\\/11\\\/Kalevamedia_logo_pystyposa.png\",\"width\":954,\"height\":690,\"caption\":\"Kaleva Media Verkkokauppa\"},\"image\":{\"@id\":\"https:\\\/\\\/kauppa.kalevamedia.fi\\\/#\\\/schema\\\/logo\\\/image\\\/\"}}]}<\/script>\n<!-- \/ Yoast SEO plugin. -->","yoast_head_json":{"title":"Story-natiivi Kaleva Media verkostoon - Kaleva Media Verkkokauppa","robots":{"index":"index","follow":"follow","max-snippet":"max-snippet:-1","max-image-preview":"max-image-preview:large","max-video-preview":"max-video-preview:-1"},"canonical":"https:\/\/kauppa.kalevamedia.fi\/index.php\/tuote\/story-natiivi-kaleva-media-verkostoon\/","og_locale":"fi_FI","og_type":"article","og_title":"Story-natiivi Kaleva Media verkostoon - Kaleva Media Verkkokauppa","og_description":"Tarinoilla haltuun koko Pohjois-Suomi. Sis\u00e4lt\u00f6 toteutetaan somesta tutulla story-muodolla: useat videoklipit sidotaan yhdeksi visuaaliseksi ja helposti sis\u00e4istett\u00e4v\u00e4ksi tarinaksi. Artikkeli n\u00e4kyy 5 vrk Kaleva.fi:ss\u00e4, Lapinkansa.fi:ss\u00e4 sek\u00e4 kuudessa paikallislehdess\u00e4. Kurkkaa esimerkki Storysta t\u00e4\u00e4lt\u00e4!  Hinta ei sis\u00e4ll\u00e4 sis\u00e4ll\u00f6ntuotantoa. Voit k\u00e4ytt\u00e4\u00e4 yrityksenne omaa, valmista sis\u00e4lt\u00f6\u00e4, tai hankkia sis\u00e4ll\u00f6ntuotannon meilt\u00e4. N\u00e4kyvyys tulee k\u00e4ytt\u00e4\u00e4 16.2.2026\u201331.3.2026\u00a0v\u00e4lisen\u00e4 aikana.    Kampanjaetu koskee vain uusia varauksia. Sitovat varaukset tehd\u00e4\u00e4n kerralla ja niit\u00e4 ei voi siirt\u00e4\u00e4 kampanja-ajalta toiselle. Hintaan lis\u00e4t\u00e4\u00e4n alv. Voit tutustua tarkempiin tilaus- ja myyntiehtoihin halutessasi t\u00e4\u00e4lt\u00e4.","og_url":"https:\/\/kauppa.kalevamedia.fi\/index.php\/tuote\/story-natiivi-kaleva-media-verkostoon\/","og_site_name":"Kaleva Media Verkkokauppa","article_modified_time":"2026-02-09T13:01:58+00:00","og_image":[{"width":600,"height":600,"url":"https:\/\/kauppa.kalevamedia.fi\/wp-content\/uploads\/2023\/02\/Storynatiivi-50.png","type":"image\/png"}],"twitter_card":"summary_large_image","twitter_misc":{"Arvioitu lukuaika":"1 minuutti"},"schema":{"@context":"https:\/\/schema.org","@graph":[{"@type":"WebPage","@id":"https:\/\/kauppa.kalevamedia.fi\/index.php\/tuote\/story-natiivi-kaleva-media-verkostoon\/","url":"https:\/\/kauppa.kalevamedia.fi\/index.php\/tuote\/story-natiivi-kaleva-media-verkostoon\/","name":"Story-natiivi Kaleva Media verkostoon - Kaleva Media Verkkokauppa","isPartOf":{"@id":"https:\/\/kauppa.kalevamedia.fi\/#website"},"primaryImageOfPage":{"@id":"https:\/\/kauppa.kalevamedia.fi\/index.php\/tuote\/story-natiivi-kaleva-media-verkostoon\/#primaryimage"},"image":{"@id":"https:\/\/kauppa.kalevamedia.fi\/index.php\/tuote\/story-natiivi-kaleva-media-verkostoon\/#primaryimage"},"thumbnailUrl":"https:\/\/kauppa.kalevamedia.fi\/wp-content\/uploads\/2023\/02\/Storynatiivi-50.png","datePublished":"2022-01-24T07:59:04+00:00","dateModified":"2026-02-09T13:01:58+00:00","breadcrumb":{"@id":"https:\/\/kauppa.kalevamedia.fi\/index.php\/tuote\/story-natiivi-kaleva-media-verkostoon\/#breadcrumb"},"inLanguage":"fi","potentialAction":[{"@type":"ReadAction","target":["https:\/\/kauppa.kalevamedia.fi\/index.php\/tuote\/story-natiivi-kaleva-media-verkostoon\/"]}]},{"@type":"ImageObject","inLanguage":"fi","@id":"https:\/\/kauppa.kalevamedia.fi\/index.php\/tuote\/story-natiivi-kaleva-media-verkostoon\/#primaryimage","url":"https:\/\/kauppa.kalevamedia.fi\/wp-content\/uploads\/2023\/02\/Storynatiivi-50.png","contentUrl":"https:\/\/kauppa.kalevamedia.fi\/wp-content\/uploads\/2023\/02\/Storynatiivi-50.png","width":600,"height":600},{"@type":"BreadcrumbList","@id":"https:\/\/kauppa.kalevamedia.fi\/index.php\/tuote\/story-natiivi-kaleva-media-verkostoon\/#breadcrumb","itemListElement":[{"@type":"ListItem","position":1,"name":"Home","item":"https:\/\/kauppa.kalevamedia.fi\/"},{"@type":"ListItem","position":2,"name":"Story-natiivi Kaleva Media verkostoon"}]},{"@type":"WebSite","@id":"https:\/\/kauppa.kalevamedia.fi\/#website","url":"https:\/\/kauppa.kalevamedia.fi\/","name":"Kaleva Media Verkkokauppa","description":"Kaleva Media B2B Asiakasratkaisut","publisher":{"@id":"https:\/\/kauppa.kalevamedia.fi\/#organization"},"potentialAction":[{"@type":"SearchAction","target":{"@type":"EntryPoint","urlTemplate":"https:\/\/kauppa.kalevamedia.fi\/?s={search_term_string}"},"query-input":{"@type":"PropertyValueSpecification","valueRequired":true,"valueName":"search_term_string"}}],"inLanguage":"fi"},{"@type":"Organization","@id":"https:\/\/kauppa.kalevamedia.fi\/#organization","name":"Kaleva Media Verkkokauppa","url":"https:\/\/kauppa.kalevamedia.fi\/","logo":{"@type":"ImageObject","inLanguage":"fi","@id":"https:\/\/kauppa.kalevamedia.fi\/#\/schema\/logo\/image\/","url":"https:\/\/kauppa.kalevamedia.fi\/wp-content\/uploads\/2023\/11\/Kalevamedia_logo_pystyposa.png","contentUrl":"https:\/\/kauppa.kalevamedia.fi\/wp-content\/uploads\/2023\/11\/Kalevamedia_logo_pystyposa.png","width":954,"height":690,"caption":"Kaleva Media Verkkokauppa"},"image":{"@id":"https:\/\/kauppa.kalevamedia.fi\/#\/schema\/logo\/image\/"}}]}},"_links":{"self":[{"href":"https:\/\/kauppa.kalevamedia.fi\/index.php\/wp-json\/wp\/v2\/product\/13207","targetHints":{"allow":["GET"]}}],"collection":[{"href":"https:\/\/kauppa.kalevamedia.fi\/index.php\/wp-json\/wp\/v2\/product"}],"about":[{"href":"https:\/\/kauppa.kalevamedia.fi\/index.php\/wp-json\/wp\/v2\/types\/product"}],"wp:featuredmedia":[{"embeddable":true,"href":"https:\/\/kauppa.kalevamedia.fi\/index.php\/wp-json\/wp\/v2\/media\/11531"}],"wp:attachment":[{"href":"https:\/\/kauppa.kalevamedia.fi\/index.php\/wp-json\/wp\/v2\/media?parent=13207"}],"wp:term":[{"taxonomy":"product_brand","embeddable":true,"href":"https:\/\/kauppa.kalevamedia.fi\/index.php\/wp-json\/wp\/v2\/product_brand?post=13207"},{"taxonomy":"product_cat","embeddable":true,"href":"https:\/\/kauppa.kalevamedia.fi\/index.php\/wp-json\/wp\/v2\/product_cat?post=13207"},{"taxonomy":"product_tag","embeddable":true,"href":"https:\/\/kauppa.kalevamedia.fi\/index.php\/wp-json\/wp\/v2\/product_tag?post=13207"}],"curies":[{"name":"wp","href":"https:\/\/api.w.org\/{rel}","templated":true}]}}